{"id":245,"date":"2024-09-06T15:37:09","date_gmt":"2024-09-06T13:37:09","guid":{"rendered":"http:\/\/paroisses-ndl-spx.fr\/?page_id=245"},"modified":"2025-03-19T11:53:44","modified_gmt":"2025-03-19T10:53:44","slug":"confession-reconciliation-paroissiale-paroisses-vannes-notre-dame-de-lourdes-saint-pie-x-ndl-spx","status":"publish","type":"page","link":"https:\/\/paroisses-ndl-spx.fr\/?page_id=245","title":{"rendered":"Confession\/R\u00e9conciliation"},"content":{"rendered":"\n<blockquote class=\"wp-block-quote is-layout-flow wp-block-quote-is-layout-flow\">\n<p>\u00ab&nbsp;Mon amour ne s\u2019\u00e9cartera pas de toi&nbsp;\u00bb Isa\u00efe 54, 10<\/p>\n<\/blockquote>\n\n\n\n<p>Dans la confession ou sacrement de r\u00e9conciliation, le fid\u00e8le re\u00e7oit personnellement le pardon de Dieu, par la rencontre avec un pr\u00eatre.<\/p>\n\n\n\n<div class=\"wp-block-buttons is-content-justification-center is-layout-flex wp-container-core-buttons-is-layout-a89b3969 wp-block-buttons-is-layout-flex\">\n<div class=\"wp-block-button\"><a class=\"wp-block-button__link wp-element-button\" href=\"#horaires\">Consulter les horaires de confession<\/a><\/div>\n<\/div>\n\n\n\n<div style=\"height:20px\" aria-hidden=\"true\" class=\"wp-block-spacer\"><\/div>\n\n\n<div class=\"wp-block-image\">\n<figure class=\"aligncenter size-full\"><img loading=\"lazy\" decoding=\"async\" width=\"450\" height=\"1000\" src=\"http:\/\/paroisses-ndl-spx.fr\/wp-content\/uploads\/2024\/12\/eglise-saint-pie-x-paroisses-vannes-notre-dame-de-lourdes-ndl-spx-confession.jpg\" alt=\"confession \u00e0 l'\u00e9glise de Vannes Saint Pie X Notre-Dame de Lourdes\" class=\"wp-image-805\" srcset=\"https:\/\/paroisses-ndl-spx.fr\/wp-content\/uploads\/2024\/12\/eglise-saint-pie-x-paroisses-vannes-notre-dame-de-lourdes-ndl-spx-confession.jpg 450w, https:\/\/paroisses-ndl-spx.fr\/wp-content\/uploads\/2024\/12\/eglise-saint-pie-x-paroisses-vannes-notre-dame-de-lourdes-ndl-spx-confession-135x300.jpg 135w\" sizes=\"auto, (max-width: 450px) 100vw, 450px\" \/><\/figure>\n<\/div>\n\n\n<div style=\"height:21px\" aria-hidden=\"true\" class=\"wp-block-spacer\"><\/div>\n\n\n\n<p id=\"horaires\">Les permanences de <strong>confessions<\/strong>&nbsp;ont lieu :<\/p>\n\n\n\n<ul class=\"wp-block-list\">\n<li>\u00c0 Notre-Dame de Lourdes : <strong>10 h 00<\/strong> (apr\u00e8s la messe de 9 h 30), mercredi, jeudi et samedi<\/li>\n\n\n\n<li>\u00c0 Saint-Pie X : <strong>17 h 30-18 h 30<\/strong>, mardi et vendredi<\/li>\n<\/ul>\n\n\n\n<figure class=\"wp-block-image size-full\"><img loading=\"lazy\" decoding=\"async\" width=\"800\" height=\"792\" src=\"http:\/\/paroisses-ndl-spx.fr\/wp-content\/uploads\/2024\/12\/eglise-saint-pie-x-paroisses-vannes-notre-dame-de-lourdes-ndl-spx-reconciliation.jpg\" alt=\"Reconciliation \u00e0 l'\u00e9glise de Vannes Saint Pie X Notre-Dame de Lourdes\" class=\"wp-image-822\" srcset=\"https:\/\/paroisses-ndl-spx.fr\/wp-content\/uploads\/2024\/12\/eglise-saint-pie-x-paroisses-vannes-notre-dame-de-lourdes-ndl-spx-reconciliation.jpg 800w, https:\/\/paroisses-ndl-spx.fr\/wp-content\/uploads\/2024\/12\/eglise-saint-pie-x-paroisses-vannes-notre-dame-de-lourdes-ndl-spx-reconciliation-300x297.jpg 300w, https:\/\/paroisses-ndl-spx.fr\/wp-content\/uploads\/2024\/12\/eglise-saint-pie-x-paroisses-vannes-notre-dame-de-lourdes-ndl-spx-reconciliation-150x150.jpg 150w, https:\/\/paroisses-ndl-spx.fr\/wp-content\/uploads\/2024\/12\/eglise-saint-pie-x-paroisses-vannes-notre-dame-de-lourdes-ndl-spx-reconciliation-768x760.jpg 768w\" sizes=\"auto, (max-width: 800px) 100vw, 800px\" \/><\/figure>\n","protected":false},"excerpt":{"rendered":"<p>\u00ab&nbsp;Mon amour ne s\u2019\u00e9cartera pas de toi&nbsp;\u00bb Isa\u00efe 54, 10 Dans la confession ou sacrement de r\u00e9conciliation, le fid\u00e8le re\u00e7oit personnellement le pardon de Dieu, par la rencontre avec un pr\u00eatre. Les permanences de confessions&nbsp;ont lieu :<\/p>\n","protected":false},"author":1,"featured_media":0,"parent":0,"menu_order":0,"comment_status":"closed","ping_status":"closed","template":"","meta":{"iawp_total_views":987,"footnotes":""},"class_list":["post-245","page","type-page","status-publish","hentry","entry"],"_links":{"self":[{"href":"https:\/\/paroisses-ndl-spx.fr\/index.php?rest_route=\/wp\/v2\/pages\/245","targetHints":{"allow":["GET"]}}],"collection":[{"href":"https:\/\/paroisses-ndl-spx.fr\/index.php?rest_route=\/wp\/v2\/pages"}],"about":[{"href":"https:\/\/paroisses-ndl-spx.fr\/index.php?rest_route=\/wp\/v2\/types\/page"}],"author":[{"embeddable":true,"href":"https:\/\/paroisses-ndl-spx.fr\/index.php?rest_route=\/wp\/v2\/users\/1"}],"replies":[{"embeddable":true,"href":"https:\/\/paroisses-ndl-spx.fr\/index.php?rest_route=%2Fwp%2Fv2%2Fcomments&post=245"}],"version-history":[{"count":9,"href":"https:\/\/paroisses-ndl-spx.fr\/index.php?rest_route=\/wp\/v2\/pages\/245\/revisions"}],"predecessor-version":[{"id":1341,"href":"https:\/\/paroisses-ndl-spx.fr\/index.php?rest_route=\/wp\/v2\/pages\/245\/revisions\/1341"}],"wp:attachment":[{"href":"https:\/\/paroisses-ndl-spx.fr\/index.php?rest_route=%2Fwp%2Fv2%2Fmedia&parent=245"}],"curies":[{"name":"wp","href":"https:\/\/api.w.org\/{rel}","templated":true}]}}